{"id":411,"date":"2023-05-17T22:41:17","date_gmt":"2023-05-17T19:41:17","guid":{"rendered":"https:\/\/www.denizlojistik.net\/?page_id=411"},"modified":"2025-05-17T16:00:10","modified_gmt":"2025-05-17T13:00:10","slug":"denizyolu-tasimaciligi","status":"publish","type":"page","link":"https:\/\/www.denizlojistik.net\/?page_id=411","title":{"rendered":"DEN\u0130ZYOLU TA\u015eIMACILI\u011eI"},"content":{"rendered":"<p>[vc_row][vc_column width=&#8221;1\/2&#8243;][vc_single_image image=&#8221;606&#8243; img_size=&#8221;full&#8221;][\/vc_column][vc_column width=&#8221;1\/2&#8243;][vc_column_text]Uluslararas\u0131 denizyolu ta\u015f\u0131mac\u0131l\u0131\u011f\u0131 alan\u0131nda deneyimli ve uzman kadromuz ile en zor, en karma\u015f\u0131k g\u00f6r\u00fcnen lojistik ihtiya\u00e7lar\u0131n\u0131z\u0131 bile yarat\u0131c\u0131 yakla\u015f\u0131mlar\u0131m\u0131zla, sorunsuz \u015fekilde \u00e7\u00f6z\u00fcme kavu\u015fturuyoruz.<\/p>\n<p>D\u00fcnyada denizyolu ta\u015f\u0131mac\u0131l\u0131\u011f\u0131 konusundaki deneyimleri ile \u00f6n plana \u00e7\u0131kan 3500\u2019\u00fcn \u00fczerindeki acentemiz ile birlikte, gemi ta\u015f\u0131mac\u0131l\u0131\u011f\u0131, depolama, da\u011f\u0131t\u0131m, g\u00fcmr\u00fckleme, proje ta\u015f\u0131mac\u0131l\u0131\u011f\u0131 konular\u0131nda size geni\u015f rota se\u00e7enekleri sunuyor ve denizyolu nakliye ihtiya\u00e7lar\u0131n\u0131z\u0131 esnek ve \u00fcretim takviminize uygun \u00e7\u00f6z\u00fcmlerle kar\u015f\u0131l\u0131yoruz.<\/p>\n<p>WCA \u00fcyeli\u011fimiz ve d\u00fcnyan\u0131n en b\u00fcy\u00fck armat\u00f6rleri ile yapt\u0131\u011f\u0131m\u0131z \u00f6zel anla\u015fmalarla denizyolu kargo ta\u015f\u0131mac\u0131l\u0131\u011f\u0131, liman konteyner ta\u015f\u0131mac\u0131l\u0131\u011f\u0131, gemi kargo hizmeti gibi konulardaki t\u00fcm taleplerinize h\u0131zl\u0131 ve ekonomik \u00e7\u00f6z\u00fcmler sunuyoruz.<\/p>\n<p>Y\u00fck\u00fcn\u00fcz\u00fc, d\u00fcnyan\u0131n t\u00fcm limanlar\u0131na g\u00fcvenle ula\u015ft\u0131rabilmek i\u00e7in denizyolu ta\u015f\u0131mac\u0131l\u0131\u011f\u0131nda kullan\u0131lan t\u00fcm belgeleri eksiksiz \u015fekilde haz\u0131rl\u0131yor, denizyolu ta\u015f\u0131mac\u0131l\u0131\u011f\u0131 yapan firmalar aras\u0131ndaki en uygun navlun fiyatlar\u0131n\u0131 sunabilmek ad\u0131na sekt\u00f6rdeki t\u00fcm g\u00fcc\u00fcm\u00fcz\u00fc ve ba\u011flant\u0131lar\u0131m\u0131z\u0131 sizlerin hizmetine sunuyoruz.[\/vc_column_text][\/vc_column][\/vc_row][vc_row][vc_column width=&#8221;1\/2&#8243;][vc_column_text]<strong><u>Denizyolu Ta\u015f\u0131mac\u0131l\u0131\u011f\u0131nda Sundu\u011fumuz Lojistik Servisler<\/u><\/strong><\/p>\n<ul>\n<li>Komple Konteyner Ta\u015f\u0131malar\u0131 \u2013 FCL<\/li>\n<li>Parsiyel Konteyner Ta\u015f\u0131malar\u0131 \u2013 LCL<\/li>\n<li>\u0130thalat \/ \u0130hracat Konsolidasyon Servisi<\/li>\n<li>Limandan limana \/ kap\u0131dan kap\u0131ya \/ depodan depoya ta\u015f\u0131malar<\/li>\n<li>Kombine ta\u015f\u0131malar<\/li>\n<li>\u00dc\u00e7\u00fcnc\u00fc \u00fclkeler aras\u0131 ta\u015f\u0131malar (cross trade)<\/li>\n<\/ul>\n<p>Amac\u0131m\u0131z her zaman ihtiyac\u0131n\u0131z\u0131 do\u011fru saptay\u0131p, size en uygun ve en ekonomik \u00e7\u00f6z\u00fcm yolunu \u00fcretmek. Bu sebeple \u00fcr\u00fcn \u00f6zelliklerinize ba\u011fl\u0131 olarak farkl\u0131 konteyner se\u00e7eneklerini tercih edebilirsiniz. Uluslararas\u0131 denizyolu ta\u015f\u0131mac\u0131l\u0131\u011f\u0131nda kullan\u0131lan sistemlere g\u00f6re, y\u00fck\u00fcn\u00fcz\u00fcn tamam\u0131 bir konteyneri dolduracak \u015fekilde oldu\u011funda FCL (Full Container Load \u2013 Komple Konteyner Y\u00fck\u00fc), y\u00fck\u00fcn\u00fcz t\u00fcm konteyneri doldurmay\u0131p, di\u011fer m\u00fc\u015fterilerle payla\u015fman\u0131z\u0131 gerektirdi\u011finde ise LCL (Less-Than-Container Load \u2013 Parsiyel Konteyner Y\u00fck\u00fc) se\u00e7enekleri kullan\u0131labilmektedir. Esalco Lojistik olarak biz de \u00fcr\u00fcn yap\u0131n\u0131za en uygun \u00e7\u00f6z\u00fcm\u00fc geli\u015ftirerek, sizlere hem FCL hem de LCL ta\u015f\u0131ma hizmetini kusursuz \u015fekilde sa\u011flamaktay\u0131z.<\/p>\n<p>Ayr\u0131ca, sekt\u00f6r\u00fcn\u00fcze \u00f6zel \u00fcretim takvimlerini, g\u00fcvenlik ko\u015fullar\u0131n\u0131, yasal gereklilikleri ve kalite standartlar\u0131n\u0131 ara\u015ft\u0131r\u0131p, bu konular kapsam\u0131nda yap\u0131lmas\u0131 gerekenleri dikkate alarak sadece size \u00f6zel planlamalar yapmakta; limandan limana, kap\u0131dan kap\u0131ya, depodan depoya ta\u015f\u0131ma hizmetlerimizle \u00fcretim modelinize uygun \u00e7\u00f6z\u00fcmleri sizlere sunmaktay\u0131z.[\/vc_column_text][vc_column_text]<strong>Denizyolu\u2019nda Tramp ve Liner Ta\u015f\u0131mac\u0131l\u0131k<\/strong><\/p>\n<p>Denizyolu lojisti\u011finde kullan\u0131lan bir di\u011fer ta\u015f\u0131mac\u0131l\u0131k stili de Tramp ve Liner Ta\u015f\u0131mac\u0131l\u0131k y\u00f6ntemleridir. Esalco Lojistik olarak her iki kapsamda da hizmet sa\u011flad\u0131\u011f\u0131m\u0131z bu stillerden Tramp, iki liman aras\u0131nda yap\u0131lan ve belirli bir tarihi olmayan ta\u015f\u0131mac\u0131l\u0131\u011f\u0131n tan\u0131m\u0131d\u0131r. Bu t\u00fcr denizyolu ta\u015f\u0131mac\u0131l\u0131\u011f\u0131nda y\u00fck\u00fcn varl\u0131\u011f\u0131 esast\u0131r. Geminin tamam\u0131n\u0131 kaplayan k\u00f6m\u00fcr, petrol, maden gibi y\u00fckler bir limandan di\u011ferine ta\u015f\u0131narak lojisti\u011fi sa\u011flan\u0131r. Liner Ta\u015f\u0131mac\u0131l\u0131k\u2019ta ise aslolan y\u00fck de\u011fil, hizmet yap\u0131s\u0131d\u0131r. Konteyner ta\u015f\u0131mac\u0131l\u0131\u011f\u0131 bu kapsam i\u00e7erisinde yer al\u0131r. Gemilerin kalk\u0131\u015f, var\u0131\u015f tarihlerinin, aktarma yap\u0131lacak limanlar\u0131n \u00f6nceden belirlendi\u011fi bu stilde planlama yapmak gerekmektedir. Gemiler her \u015feyin \u00f6nceden belli oldu\u011fu tarihlerde limanlara giri\u015f yaparlar ve y\u00fckler, her detay\u0131 \u00f6nceden bilinerek ve planlanarak ta\u015f\u0131y\u0131c\u0131 firmaya aktar\u0131l\u0131r.<\/p>\n<p>Denizyolu ta\u015f\u0131mac\u0131l\u0131\u011f\u0131 alan\u0131ndaki t\u00fcm ihtiyac\u0131n\u0131z\u0131 profesyonel ekibimizle \u00e7\u00f6zmenin konforunu ya\u015famak istiyorsan\u0131z sizlere destek olmak i\u00e7in her zaman yan\u0131n\u0131zday\u0131z.[\/vc_column_text][\/vc_column][vc_column width=&#8221;1\/2&#8243;][vc_single_image image=&#8221;603&#8243; img_size=&#8221;full&#8221;][\/vc_column][\/vc_row][vc_row][vc_column width=&#8221;1\/2&#8243;][\/vc_column][vc_column width=&#8221;1\/2&#8243;][\/vc_column][\/vc_row]<\/p>\n","protected":false},"excerpt":{"rendered":"<p>[vc_row][vc_column width=&#8221;1\/2&#8243;][vc_single_image image=&#8221;606&#8243; img_size=&#8221;full&#8221;][\/vc_column][vc_column width=&#8221;1\/2&#8243;][vc_column_text]Uluslararas\u0131 denizyolu ta\u015f\u0131mac\u0131l\u0131\u011f\u0131 alan\u0131nda deneyimli ve uzman kadromuz ile en zor, en karma\u015f\u0131k g\u00f6r\u00fcnen lojistik ihtiya\u00e7lar\u0131n\u0131z\u0131 bile yarat\u0131c\u0131 yakla\u015f\u0131mlar\u0131m\u0131zla, sorunsuz \u015fekilde \u00e7\u00f6z\u00fcme kavu\u015fturuyoruz. D\u00fcnyada denizyolu ta\u015f\u0131mac\u0131l\u0131\u011f\u0131 konusundaki deneyimleri ile \u00f6n plana \u00e7\u0131kan 3500\u2019\u00fcn \u00fczerindeki acentemiz ile birlikte, gemi ta\u015f\u0131mac\u0131l\u0131\u011f\u0131, depolama, da\u011f\u0131t\u0131m, g\u00fcmr\u00fckleme, proje ta\u015f\u0131mac\u0131l\u0131\u011f\u0131 konular\u0131nda size geni\u015f rota se\u00e7enekleri sunuyor ve&hellip;<\/p>\n","protected":false},"author":1,"featured_media":0,"parent":0,"menu_order":0,"comment_status":"closed","ping_status":"closed","template":"","meta":{"_joinchat":[]},"class_list":["post-411","page","type-page","status-publish","hentry","description-off"],"_links":{"self":[{"href":"https:\/\/www.denizlojistik.net\/index.php?rest_route=\/wp\/v2\/pages\/411","targetHints":{"allow":["GET"]}}],"collection":[{"href":"https:\/\/www.denizlojistik.net\/index.php?rest_route=\/wp\/v2\/pages"}],"about":[{"href":"https:\/\/www.denizlojistik.net\/index.php?rest_route=\/wp\/v2\/types\/page"}],"author":[{"embeddable":true,"href":"https:\/\/www.denizlojistik.net\/index.php?rest_route=\/wp\/v2\/users\/1"}],"replies":[{"embeddable":true,"href":"https:\/\/www.denizlojistik.net\/index.php?rest_route=%2Fwp%2Fv2%2Fcomments&post=411"}],"version-history":[{"count":12,"href":"https:\/\/www.denizlojistik.net\/index.php?rest_route=\/wp\/v2\/pages\/411\/revisions"}],"predecessor-version":[{"id":607,"href":"https:\/\/www.denizlojistik.net\/index.php?rest_route=\/wp\/v2\/pages\/411\/revisions\/607"}],"wp:attachment":[{"href":"https:\/\/www.denizlojistik.net\/index.php?rest_route=%2Fwp%2Fv2%2Fmedia&parent=411"}],"curies":[{"name":"wp","href":"https:\/\/api.w.org\/{rel}","templated":true}]}}