{"id":304,"date":"2023-05-15T23:41:56","date_gmt":"2023-05-15T20:41:56","guid":{"rendered":"https:\/\/www.denizlojistik.net\/?page_id=304"},"modified":"2025-05-17T16:24:16","modified_gmt":"2025-05-17T13:24:16","slug":"karayolu-tasimaciligi","status":"publish","type":"page","link":"https:\/\/www.denizlojistik.net\/?page_id=304","title":{"rendered":"KARAYOLU TA\u015eIMACILI\u011eI"},"content":{"rendered":"<p>[vc_row][vc_column width=&#8221;1\/2&#8243;][vc_single_image image=&#8221;578&#8243; img_size=&#8221;full&#8221;][\/vc_column][vc_column width=&#8221;1\/2&#8243;][vc_column_text]Euro 4, Euro 5 normlar\u0131na uygun filosuyla T\u00fcrkiye-Asya \/ Avrupa-Asya Aras\u0131nda kar\u015f\u0131l\u0131kl\u0131 d\u00fczenli ve komple parsiyel hizmeti vermekteyiz.<\/p>\n<p>Tamam\u0131 Avrupa \u00e7evre koruma standartlar\u0131na uygun, ye\u015fil ve sessiz motor \u00f6zellikleri ile donat\u0131lm\u0131\u015f filosu ile T\u00fcrkiye\u2019nin de\u011fi\u015fik yerlerinde yer alan ofis, depo ve da\u011f\u0131t\u0131m merkezleri ile m\u00fc\u015fterilerine lojistik destek sa\u011flamaktad\u0131r.<\/p>\n<p>Yurti\u00e7i veya uluslararas\u0131 karayolu ta\u015f\u0131mac\u0131l\u0131\u011f\u0131 ile \u00e7\u00f6z\u00fcm odakl\u0131 yakla\u015f\u0131m\u0131m\u0131z, operasyon deneyimimiz ve s\u0131n\u0131rs\u0131z deste\u011fimizle her zaman siz de\u011ferli m\u00fc\u015fterilerimizin yan\u0131nday\u0131z. Uzman ekibimiz karayolu ta\u015f\u0131mac\u0131l\u0131\u011f\u0131nda da \u00fcr\u00fcnlerinizin teslimat\u0131n\u0131 uygun maliyetlerle ve ayn\u0131 zamanda esnek ve yarat\u0131c\u0131 \u00e7\u00f6z\u00fcmlerle sizlere sa\u011flamaya devam ediyor. D\u00fcnyadaki karayolu lojistik firmalar\u0131 aras\u0131nda ayr\u0131cal\u0131kl\u0131 yerimizi almak \u00fczere emin ad\u0131mlarla y\u00fcr\u00fcrken en b\u00fcy\u00fck motivasyonumuz m\u00fc\u015fterilerimizin de bizimle birlikte b\u00fcy\u00fcmesine ve g\u00fc\u00e7lenmesine destek olmak[\/vc_column_text][\/vc_column][\/vc_row][vc_row][vc_column width=&#8221;1\/2&#8243;][vc_column_text]<strong><u>Karayolu Ta\u015f\u0131mac\u0131l\u0131\u011f\u0131nda Sundu\u011fumuz Lojistik Servisler<\/u><\/strong><\/p>\n<ul>\n<li>Komple Ta\u015f\u0131mac\u0131l\u0131k<\/li>\n<li>Avrupa ve Balkan \u00dclkelerine d\u00fczenli Parsiyel Ta\u015f\u0131mac\u0131l\u0131k<\/li>\n<li>Proje Ta\u015f\u0131mac\u0131l\u0131\u011f\u0131<\/li>\n<li>Gabari d\u0131\u015f\u0131 mallar\u0131n ta\u015f\u0131nmas\u0131<\/li>\n<li>CIS \u00fclkelerine Avrupa\u2019dan TC aktarmal\u0131 ta\u015f\u0131ma<\/li>\n<li>T\u00fcrkiye\u2019den direkt servis<\/li>\n<li>Ekspres Ta\u015f\u0131mac\u0131l\u0131k (Minivan)<\/li>\n<li>A\u011f\u0131r Y\u00fck Ta\u015f\u0131mac\u0131l\u0131\u011f\u0131 (Lowbed)<\/li>\n<li>Otomobil Ta\u015f\u0131mac\u0131l\u0131\u011f\u0131<\/li>\n<li>Ask\u0131l\u0131 Tekstil Ta\u015f\u0131mac\u0131l\u0131\u011f\u0131<\/li>\n<li>Frigo Ara\u00e7larla Ta\u015f\u0131mac\u0131l\u0131k<\/li>\n<li>T\u00fcrkiye Aktarmal\u0131 Transit Ta\u015f\u0131malar<\/li>\n<li>Karayolu ile Entegre Havayolu, Denizyolu, Demiryolu Ta\u015f\u0131mac\u0131l\u0131\u011f\u0131<\/li>\n<li>Yurt \u0130\u00e7i Ta\u015f\u0131ma ve Da\u011f\u0131t\u0131m<\/li>\n<\/ul>\n<p>[\/vc_column_text][\/vc_column][vc_column width=&#8221;1\/2&#8243;][vc_single_image image=&#8221;626&#8243; img_size=&#8221;full&#8221;][\/vc_column][\/vc_row]<\/p>\n","protected":false},"excerpt":{"rendered":"<p>[vc_row][vc_column width=&#8221;1\/2&#8243;][vc_single_image image=&#8221;578&#8243; img_size=&#8221;full&#8221;][\/vc_column][vc_column width=&#8221;1\/2&#8243;][vc_column_text]Euro 4, Euro 5 normlar\u0131na uygun filosuyla T\u00fcrkiye-Asya \/ Avrupa-Asya Aras\u0131nda kar\u015f\u0131l\u0131kl\u0131 d\u00fczenli ve komple parsiyel hizmeti vermekteyiz. Tamam\u0131 Avrupa \u00e7evre koruma standartlar\u0131na uygun, ye\u015fil ve sessiz motor \u00f6zellikleri ile donat\u0131lm\u0131\u015f filosu ile T\u00fcrkiye\u2019nin de\u011fi\u015fik yerlerinde yer alan ofis, depo ve da\u011f\u0131t\u0131m merkezleri ile m\u00fc\u015fterilerine lojistik destek sa\u011flamaktad\u0131r. Yurti\u00e7i veya uluslararas\u0131&hellip;<\/p>\n","protected":false},"author":1,"featured_media":0,"parent":0,"menu_order":0,"comment_status":"closed","ping_status":"closed","template":"","meta":{"_joinchat":[]},"class_list":["post-304","page","type-page","status-publish","hentry","description-off"],"_links":{"self":[{"href":"https:\/\/www.denizlojistik.net\/index.php?rest_route=\/wp\/v2\/pages\/304","targetHints":{"allow":["GET"]}}],"collection":[{"href":"https:\/\/www.denizlojistik.net\/index.php?rest_route=\/wp\/v2\/pages"}],"about":[{"href":"https:\/\/www.denizlojistik.net\/index.php?rest_route=\/wp\/v2\/types\/page"}],"author":[{"embeddable":true,"href":"https:\/\/www.denizlojistik.net\/index.php?rest_route=\/wp\/v2\/users\/1"}],"replies":[{"embeddable":true,"href":"https:\/\/www.denizlojistik.net\/index.php?rest_route=%2Fwp%2Fv2%2Fcomments&post=304"}],"version-history":[{"count":14,"href":"https:\/\/www.denizlojistik.net\/index.php?rest_route=\/wp\/v2\/pages\/304\/revisions"}],"predecessor-version":[{"id":627,"href":"https:\/\/www.denizlojistik.net\/index.php?rest_route=\/wp\/v2\/pages\/304\/revisions\/627"}],"wp:attachment":[{"href":"https:\/\/www.denizlojistik.net\/index.php?rest_route=%2Fwp%2Fv2%2Fmedia&parent=304"}],"curies":[{"name":"wp","href":"https:\/\/api.w.org\/{rel}","templated":true}]}}